{"id":12,"date":"2025-04-29T17:11:25","date_gmt":"2025-04-29T15:11:25","guid":{"rendered":"https:\/\/epem.org\/?page_id=12"},"modified":"2025-06-12T20:44:52","modified_gmt":"2025-06-12T18:44:52","slug":"le-conseil-de-coordination-de-lepem","status":"publish","type":"page","link":"https:\/\/epem.org\/index.php\/le-conseil-de-coordination-de-lepem\/","title":{"rendered":"Le Conseil de Coordination"},"content":{"rendered":"\n<h3 class=\"wp-block-heading\"><strong>Constitution<\/strong><\/h3>\n\n\n\n<p>Le Conseil de Coordination constitue l&rsquo;ex\u00e9cutif de l\u2019EPEM. Il est \u00e9lu par l\u2019Assembl\u00e9e G\u00e9n\u00e9rale qui veillera \u00e0 une repr\u00e9sentation \u00e9quilibr\u00e9e des \u00c9glises locales de l\u2019EPEM.<\/p>\n\n\n\n<p>Les candidats \u00e0 l\u2019\u00e9lection du Conseil de Coordination seront pr\u00e9alablement propos\u00e9s en concertation avec le conseil de leur \u00c9glise. Chaque \u00c9glise locale veillera \u00e0 sa repr\u00e9sentation au sein du Conseil de coordination.<\/p>\n\n\n\n<p>Si le nombre de pasteurs \u00e9lus est inf\u00e9rieur au tiers des membres du CC pr\u00e9vus par les statuts, l\u2019AP pourvoit au nombre de pasteurs n\u00e9cessaires jusqu\u2019\u00e0 la prochaine AG. De m\u00eame, si le nombre de la\u00efcs vient \u00e0 \u00eatre inf\u00e9rieur au tiers des membres du CC, celui-ci devra coopter des membres suppl\u00e9mentaires jusqu\u2019\u00e0 la prochaine AG.<\/p>\n\n\n\n<h3 class=\"wp-block-heading\"><strong>Comp\u00e9tences<\/strong><\/h3>\n\n\n\n<p>Le Conseil de Coordination veille au respect des Statuts et du R\u00e8glement Int\u00e9rieur et applique les d\u00e9cisions de l\u2019Assembl\u00e9e G\u00e9n\u00e9rale. Il est investi des pouvoirs les plus \u00e9tendus, pour faire ou autoriser tous les actes et op\u00e9rations d\u2019administration et de disposition rentrant dans l\u2019objet social.\u00a0<\/p>\n\n\n\n<p>En plus de ces attributions g\u00e9n\u00e9rales d\u00e9finies dans les statuts, le Conseil de Coordination\u00a0<\/p>\n\n\n\n<ul class=\"wp-block-list\">\n<li>a la responsabilit\u00e9 de veiller \u00e0 l&rsquo;animation et \u00e0 la r\u00e9gulation de la vie eccl\u00e9siale au sein de l\u2019EPEM,<\/li>\n\n\n\n<li>peut cr\u00e9er les commissions n\u00e9cessaires au fonctionnement des diff\u00e9rents secteurs de la vie de l\u2019EPEM.<\/li>\n\n\n\n<li>est seul habilit\u00e9 \u00e0 engager du personnel \u00e0 comp\u00e9tence pastorale sur proposition de l\u2019Alliance Pastorale.<\/li>\n\n\n\n<li>a l&rsquo;obligation de soumettre au vote de l&rsquo;AG toute requ\u00eate ou motion qui lui aura \u00e9t\u00e9 adress\u00e9e dans les r\u00e8gles par des \u00c9glises locales.<\/li>\n<\/ul>\n","protected":false},"excerpt":{"rendered":"<p>Constitution Le Conseil de Coordination constitue l&rsquo;ex\u00e9cutif de l\u2019EPEM. Il est \u00e9lu par l\u2019Assembl\u00e9e G\u00e9n\u00e9rale qui veillera \u00e0 une repr\u00e9sentation \u00e9quilibr\u00e9e des \u00c9glises locales de l\u2019EPEM. Les candidats \u00e0 l\u2019\u00e9lection du Conseil de Coordination seront pr\u00e9alablement propos\u00e9s en concertation avec le conseil de leur \u00c9glise. Chaque \u00c9glise locale veillera \u00e0 sa repr\u00e9sentation au sein du [&hellip;]<\/p>\n","protected":false},"author":1,"featured_media":0,"parent":0,"menu_order":0,"comment_status":"closed","ping_status":"closed","template":"elementor_theme","meta":{"ocean_post_layout":"","ocean_both_sidebars_style":"","ocean_both_sidebars_content_width":0,"ocean_both_sidebars_sidebars_width":0,"ocean_sidebar":"","ocean_second_sidebar":"","ocean_disable_margins":"enable","ocean_add_body_class":"","ocean_shortcode_before_top_bar":"","ocean_shortcode_after_top_bar":"","ocean_shortcode_before_header":"","ocean_shortcode_after_header":"","ocean_has_shortcode":"","ocean_shortcode_after_title":"","ocean_shortcode_before_footer_widgets":"","ocean_shortcode_after_footer_widgets":"","ocean_shortcode_before_footer_bottom":"","ocean_shortcode_after_footer_bottom":"","ocean_display_top_bar":"default","ocean_display_header":"default","ocean_header_style":"","ocean_center_header_left_menu":"","ocean_custom_header_template":"","ocean_custom_logo":0,"ocean_custom_retina_logo":0,"ocean_custom_logo_max_width":0,"ocean_custom_logo_tablet_max_width":0,"ocean_custom_logo_mobile_max_width":0,"ocean_custom_logo_max_height":0,"ocean_custom_logo_tablet_max_height":0,"ocean_custom_logo_mobile_max_height":0,"ocean_header_custom_menu":"","ocean_menu_typo_font_family":"","ocean_menu_typo_font_subset":"","ocean_menu_typo_font_size":0,"ocean_menu_typo_font_size_tablet":0,"ocean_menu_typo_font_size_mobile":0,"ocean_menu_typo_font_size_unit":"px","ocean_menu_typo_font_weight":"","ocean_menu_typo_font_weight_tablet":"","ocean_menu_typo_font_weight_mobile":"","ocean_menu_typo_transform":"","ocean_menu_typo_transform_tablet":"","ocean_menu_typo_transform_mobile":"","ocean_menu_typo_line_height":0,"ocean_menu_typo_line_height_tablet":0,"ocean_menu_typo_line_height_mobile":0,"ocean_menu_typo_line_height_unit":"","ocean_menu_typo_spacing":0,"ocean_menu_typo_spacing_tablet":0,"ocean_menu_typo_spacing_mobile":0,"ocean_menu_typo_spacing_unit":"","ocean_menu_link_color":"","ocean_menu_link_color_hover":"","ocean_menu_link_color_active":"","ocean_menu_link_background":"","ocean_menu_link_hover_background":"","ocean_menu_link_active_background":"","ocean_menu_social_links_bg":"","ocean_menu_social_hover_links_bg":"","ocean_menu_social_links_color":"","ocean_menu_social_hover_links_color":"","ocean_disable_title":"default","ocean_disable_heading":"default","ocean_post_title":"","ocean_post_subheading":"","ocean_post_title_style":"","ocean_post_title_background_color":"","ocean_post_title_background":0,"ocean_post_title_bg_image_position":"","ocean_post_title_bg_image_attachment":"","ocean_post_title_bg_image_repeat":"","ocean_post_title_bg_image_size":"","ocean_post_title_height":0,"ocean_post_title_bg_overlay":0.5,"ocean_post_title_bg_overlay_color":"","ocean_disable_breadcrumbs":"default","ocean_breadcrumbs_color":"","ocean_breadcrumbs_separator_color":"","ocean_breadcrumbs_links_color":"","ocean_breadcrumbs_links_hover_color":"","ocean_display_footer_widgets":"default","ocean_display_footer_bottom":"default","ocean_custom_footer_template":"","osh_disable_topbar_sticky":"default","osh_disable_header_sticky":"default","osh_sticky_header_style":"default","osh_sticky_header_effect":"","osh_custom_sticky_logo":0,"osh_custom_retina_sticky_logo":0,"osh_custom_sticky_logo_height":0,"osh_background_color":"","osh_links_color":"","osh_links_hover_color":"","osh_links_active_color":"","osh_links_bg_color":"","osh_links_hover_bg_color":"","osh_links_active_bg_color":"","osh_menu_social_links_color":"","osh_menu_social_hover_links_color":"","footnotes":""},"class_list":["post-12","page","type-page","status-publish","hentry","entry"],"_links":{"self":[{"href":"https:\/\/epem.org\/index.php\/wp-json\/wp\/v2\/pages\/12","targetHints":{"allow":["GET"]}}],"collection":[{"href":"https:\/\/epem.org\/index.php\/wp-json\/wp\/v2\/pages"}],"about":[{"href":"https:\/\/epem.org\/index.php\/wp-json\/wp\/v2\/types\/page"}],"author":[{"embeddable":true,"href":"https:\/\/epem.org\/index.php\/wp-json\/wp\/v2\/users\/1"}],"replies":[{"embeddable":true,"href":"https:\/\/epem.org\/index.php\/wp-json\/wp\/v2\/comments?post=12"}],"version-history":[{"count":2,"href":"https:\/\/epem.org\/index.php\/wp-json\/wp\/v2\/pages\/12\/revisions"}],"predecessor-version":[{"id":453,"href":"https:\/\/epem.org\/index.php\/wp-json\/wp\/v2\/pages\/12\/revisions\/453"}],"wp:attachment":[{"href":"https:\/\/epem.org\/index.php\/wp-json\/wp\/v2\/media?parent=12"}],"curies":[{"name":"wp","href":"https:\/\/api.w.org\/{rel}","templated":true}]}}