{"id":22,"date":"2025-04-29T18:45:37","date_gmt":"2025-04-29T16:45:37","guid":{"rendered":"https:\/\/epem.org\/?page_id=22"},"modified":"2025-06-12T20:44:02","modified_gmt":"2025-06-12T18:44:02","slug":"notre-fonctionnement","status":"publish","type":"page","link":"https:\/\/epem.org\/index.php\/notre-fonctionnement\/","title":{"rendered":"Notre fonctionnement"},"content":{"rendered":"\t\t<div data-elementor-type=\"wp-page\" data-elementor-id=\"22\" class=\"elementor elementor-22\">\n\t\t\t\t<div class=\"elementor-element elementor-element-1803d017 e-con-full e-flex e-con e-parent\" data-id=\"1803d017\" data-element_type=\"container\">\n\t\t<div class=\"elementor-element elementor-element-66c56c6e e-con-full e-flex e-con e-child\" data-id=\"66c56c6e\" data-element_type=\"container\" data-settings=\"{&quot;background_background&quot;:&quot;classic&quot;}\">\n\t\t\t\t<\/div>\n\t\t<div class=\"elementor-element elementor-element-63a4ca95 e-con-full e-flex e-con e-child\" data-id=\"63a4ca95\" data-element_type=\"container\">\n\t\t\t\t<div class=\"elementor-element elementor-element-5f03cc58 elementor-widget__width-auto elementor-invisible elementor-widget elementor-widget-heading\" data-id=\"5f03cc58\" data-element_type=\"widget\" data-settings=\"{&quot;_animation&quot;:&quot;fadeInDown&quot;}\" data-widget_type=\"heading.default\">\n\t\t\t\t<div class=\"elementor-widget-container\">\n\t\t\t\t\t<h1 class=\"elementor-heading-title elementor-size-default\">NOTRE fonctionnement<\/h1>\t\t\t\t<\/div>\n\t\t\t\t<\/div>\n\t\t\t\t<div class=\"elementor-element elementor-element-7471fcb elementor-widget-divider--view-line elementor-invisible elementor-widget elementor-widget-divider\" data-id=\"7471fcb\" data-element_type=\"widget\" data-settings=\"{&quot;_animation&quot;:&quot;fadeInUp&quot;,&quot;_animation_delay&quot;:200}\" data-widget_type=\"divider.default\">\n\t\t\t\t<div class=\"elementor-widget-container\">\n\t\t\t\t\t\t\t<div class=\"elementor-divider\">\n\t\t\t<span class=\"elementor-divider-separator\">\n\t\t\t\t\t\t<\/span>\n\t\t<\/div>\n\t\t\t\t\t\t<\/div>\n\t\t\t\t<\/div>\n\t\t\t\t<div class=\"elementor-element elementor-element-70f899d8 elementor-widget elementor-widget-heading\" data-id=\"70f899d8\" data-element_type=\"widget\" data-widget_type=\"heading.default\">\n\t\t\t\t<div class=\"elementor-widget-container\">\n\t\t\t\t\t<h2 class=\"elementor-heading-title elementor-size-default\">Sous-titre \u00e9ventuel plus ou moins long <span style=\"font-family: Cabin, sans-serif; font-size: 20px; font-style: italic; font-variant-ligatures: normal; font-variant-caps: normal; font-weight: 200;\">Sous-titre \u00e9ventuel plus ou moins long <\/span><span style=\"font-family: Cabin, sans-serif; font-size: 20px; font-style: italic; font-variant-ligatures: normal; font-variant-caps: normal; font-weight: 200;\">Sous-titre \u00e9ventuel plus ou moins long.<\/span><\/h2>\t\t\t\t<\/div>\n\t\t\t\t<\/div>\n\t\t\t\t<\/div>\n\t\t\t\t<\/div>\n\t\t<div class=\"elementor-element elementor-element-11bec50 e-flex e-con-boxed e-con e-parent\" data-id=\"11bec50\" data-element_type=\"container\" data-settings=\"{&quot;background_background&quot;:&quot;classic&quot;,&quot;shape_divider_bottom&quot;:&quot;tilt&quot;}\">\n\t\t\t\t\t<div class=\"e-con-inner\">\n\t\t\t\t<div class=\"elementor-shape elementor-shape-bottom\" aria-hidden=\"true\" data-negative=\"false\">\n\t\t\t<svg xmlns=\"http:\/\/www.w3.org\/2000\/svg\" viewBox=\"0 0 1000 100\" preserveAspectRatio=\"none\">\n\t<path class=\"elementor-shape-fill\" d=\"M0,6V0h1000v100L0,6z\"\/>\n<\/svg>\t\t<\/div>\n\t\t<div class=\"elementor-element elementor-element-f58952e e-con-full e-flex e-con e-child\" data-id=\"f58952e\" data-element_type=\"container\" data-settings=\"{&quot;background_background&quot;:&quot;classic&quot;}\">\n\t\t\t\t<div class=\"elementor-element elementor-element-b6d58a6 elementor-widget elementor-widget-image\" data-id=\"b6d58a6\" data-element_type=\"widget\" data-widget_type=\"image.default\">\n\t\t\t\t<div class=\"elementor-widget-container\">\n\t\t\t\t\t\t\t\t\t\t\t\t\t\t\t<img fetchpriority=\"high\" decoding=\"async\" width=\"1000\" height=\"706\" src=\"https:\/\/epem.org\/wp-content\/uploads\/2025\/04\/schema-organisationnel-pem.jpg\" class=\"attachment-large size-large wp-image-27\" alt=\"\" srcset=\"https:\/\/epem.org\/wp-content\/uploads\/2025\/04\/schema-organisationnel-pem.jpg 1000w, https:\/\/epem.org\/wp-content\/uploads\/2025\/04\/schema-organisationnel-pem-300x212.jpg 300w, https:\/\/epem.org\/wp-content\/uploads\/2025\/04\/schema-organisationnel-pem-768x542.jpg 768w\" sizes=\"(max-width: 1000px) 100vw, 1000px\" \/>\t\t\t\t\t\t\t\t\t\t\t\t\t\t\t<\/div>\n\t\t\t\t<\/div>\n\t\t\t\t<\/div>\n\t\t<div class=\"elementor-element elementor-element-196145f e-con-full e-flex e-con e-child\" data-id=\"196145f\" data-element_type=\"container\" data-settings=\"{&quot;background_background&quot;:&quot;classic&quot;}\">\n\t\t\t\t<div class=\"elementor-element elementor-element-3ddb932 elementor-widget elementor-widget-heading\" data-id=\"3ddb932\" data-element_type=\"widget\" data-widget_type=\"heading.default\">\n\t\t\t\t<div class=\"elementor-widget-container\">\n\t\t\t\t\t<h2 class=\"elementor-heading-title elementor-size-default\">Sch\u00e9ma d\u00e9cisionnel et organisationnel<\/h2>\t\t\t\t<\/div>\n\t\t\t\t<\/div>\n\t\t\t\t<div class=\"elementor-element elementor-element-3bebcab elementor-widget elementor-widget-text-editor\" data-id=\"3bebcab\" data-element_type=\"widget\" data-widget_type=\"text-editor.default\">\n\t\t\t\t<div class=\"elementor-widget-container\">\n\t\t\t\t\t\t\t\t\t<p>Le fonctionnement de l&rsquo;EPEM est typiquement m\u00e9thodiste. Chaque \u00e9glise locale est repr\u00e9sent\u00e9e \u00e0 la conf\u00e9rence (assembl\u00e9e g\u00e9n\u00e9rale) annuelle par des d\u00e9l\u00e9gu\u00e9s (sur la base d&rsquo;un d\u00e9l\u00e9gu\u00e9 pour 20 membres actifs). Tous les membres de l&rsquo;alliance pastorale (pasteurs et pasteurs retrait\u00e9s) ont une voix \u00e0 l&rsquo;AG, ainsi que tous les membres \u00e9lus du conseil de coordination.<\/p>\n<p><!-- \/wp:paragraph --><!-- wp:paragraph --><\/p>\n<p>L&rsquo;AG se r\u00e9unit annuellement.<\/p>\n<p><!-- \/wp:paragraph --><!-- wp:paragraph --><\/p>\n<p>Au cours de l&rsquo;ann\u00e9e, les deux instances du conseil de coordination (CC) et de l&rsquo;alliance pastorale (AP) se r\u00e9unissent r\u00e9guli\u00e8rement et dialoguent sur la vie de l&rsquo;\u00e9glise et des \u00e9glises locales.<\/p>\t\t\t\t\t\t\t\t<\/div>\n\t\t\t\t<\/div>\n\t\t\t\t<\/div>\n\t\t\t\t\t<\/div>\n\t\t\t\t<\/div>\n\t\t<div class=\"elementor-element elementor-element-efdce5f e-flex e-con-boxed e-con e-parent\" data-id=\"efdce5f\" data-element_type=\"container\">\n\t\t\t\t\t<div class=\"e-con-inner\">\n\t\t\t\t<div class=\"elementor-element elementor-element-07401e2 elementor-widget elementor-widget-heading\" data-id=\"07401e2\" data-element_type=\"widget\" data-widget_type=\"heading.default\">\n\t\t\t\t<div class=\"elementor-widget-container\">\n\t\t\t\t\t<h2 class=\"elementor-heading-title elementor-size-default\">Requ\u00eates et motions pr\u00e9sent\u00e9es \u00e0 l'AG annuelle<\/h2>\t\t\t\t<\/div>\n\t\t\t\t<\/div>\n\t\t\t\t\t<\/div>\n\t\t\t\t<\/div>\n\t\t<div class=\"elementor-element elementor-element-42c0626 e-flex e-con-boxed e-con e-parent\" data-id=\"42c0626\" data-element_type=\"container\">\n\t\t\t\t\t<div class=\"e-con-inner\">\n\t\t<div class=\"elementor-element elementor-element-ed51de2 e-con-full e-flex e-con e-child\" data-id=\"ed51de2\" data-element_type=\"container\">\n\t\t\t\t<div class=\"elementor-element elementor-element-1399f9d elementor-view-default elementor-position-top elementor-mobile-position-top elementor-widget elementor-widget-icon-box\" data-id=\"1399f9d\" data-element_type=\"widget\" data-widget_type=\"icon-box.default\">\n\t\t\t\t<div class=\"elementor-widget-container\">\n\t\t\t\t\t\t\t<div class=\"elementor-icon-box-wrapper\">\n\n\t\t\t\t\t\t<div class=\"elementor-icon-box-icon\">\n\t\t\t\t<span  class=\"elementor-icon\">\n\t\t\t\t<svg aria-hidden=\"true\" class=\"e-font-icon-svg e-fas-search\" viewBox=\"0 0 512 512\" xmlns=\"http:\/\/www.w3.org\/2000\/svg\"><path d=\"M505 442.7L405.3 343c-4.5-4.5-10.6-7-17-7H372c27.6-35.3 44-79.7 44-128C416 93.1 322.9 0 208 0S0 93.1 0 208s93.1 208 208 208c48.3 0 92.7-16.4 128-44v16.3c0 6.4 2.5 12.5 7 17l99.7 99.7c9.4 9.4 24.6 9.4 33.9 0l28.3-28.3c9.4-9.4 9.4-24.6.1-34zM208 336c-70.7 0-128-57.2-128-128 0-70.7 57.2-128 128-128 70.7 0 128 57.2 128 128 0 70.7-57.2 128-128 128z\"><\/path><\/svg>\t\t\t\t<\/span>\n\t\t\t<\/div>\n\t\t\t\n\t\t\t\t\t\t<div class=\"elementor-icon-box-content\">\n\n\t\t\t\t\t\t\t\t\t<h3 class=\"elementor-icon-box-title\">\n\t\t\t\t\t\t<span  >\n\t\t\t\t\t\t\tRequ\u00eates\t\t\t\t\t\t<\/span>\n\t\t\t\t\t<\/h3>\n\t\t\t\t\n\t\t\t\t\t\t\t\t\t<p class=\"elementor-icon-box-description\">\n\t\t\t\t\t\tToute \u00c9glise locale qui consid\u00e8re qu'une demande l\u00e9gitime de sa part, et la concernant en propre, n'a pas \u00e9t\u00e9 satisfaite par le CC, peut soumettre sa requ\u00eate \u00e0 l'AG.\t\t\t\t\t<\/p>\n\t\t\t\t\n\t\t\t<\/div>\n\t\t\t\n\t\t<\/div>\n\t\t\t\t\t\t<\/div>\n\t\t\t\t<\/div>\n\t\t\t\t<\/div>\n\t\t<div class=\"elementor-element elementor-element-230f07b e-con-full e-flex e-con e-child\" data-id=\"230f07b\" data-element_type=\"container\">\n\t\t\t\t<div class=\"elementor-element elementor-element-75ccf88 elementor-view-default elementor-position-top elementor-mobile-position-top elementor-widget elementor-widget-icon-box\" data-id=\"75ccf88\" data-element_type=\"widget\" data-widget_type=\"icon-box.default\">\n\t\t\t\t<div class=\"elementor-widget-container\">\n\t\t\t\t\t\t\t<div class=\"elementor-icon-box-wrapper\">\n\n\t\t\t\t\t\t<div class=\"elementor-icon-box-icon\">\n\t\t\t\t<span  class=\"elementor-icon\">\n\t\t\t\t<svg aria-hidden=\"true\" class=\"e-font-icon-svg e-far-edit\" viewBox=\"0 0 576 512\" xmlns=\"http:\/\/www.w3.org\/2000\/svg\"><path d=\"M402.3 344.9l32-32c5-5 13.7-1.5 13.7 5.7V464c0 26.5-21.5 48-48 48H48c-26.5 0-48-21.5-48-48V112c0-26.5 21.5-48 48-48h273.5c7.1 0 10.7 8.6 5.7 13.7l-32 32c-1.5 1.5-3.5 2.3-5.7 2.3H48v352h352V350.5c0-2.1.8-4.1 2.3-5.6zm156.6-201.8L296.3 405.7l-90.4 10c-26.2 2.9-48.5-19.2-45.6-45.6l10-90.4L432.9 17.1c22.9-22.9 59.9-22.9 82.7 0l43.2 43.2c22.9 22.9 22.9 60 .1 82.8zM460.1 174L402 115.9 216.2 301.8l-7.3 65.3 65.3-7.3L460.1 174zm64.8-79.7l-43.2-43.2c-4.1-4.1-10.8-4.1-14.8 0L436 82l58.1 58.1 30.9-30.9c4-4.2 4-10.8-.1-14.9z\"><\/path><\/svg>\t\t\t\t<\/span>\n\t\t\t<\/div>\n\t\t\t\n\t\t\t\t\t\t<div class=\"elementor-icon-box-content\">\n\n\t\t\t\t\t\t\t\t\t<h3 class=\"elementor-icon-box-title\">\n\t\t\t\t\t\t<span  >\n\t\t\t\t\t\t\tMotions\t\t\t\t\t\t<\/span>\n\t\t\t\t\t<\/h3>\n\t\t\t\t\n\t\t\t\t\t\t\t\t\t<p class=\"elementor-icon-box-description\">\n\t\t\t\t\t\tDe m\u00eame, toute motion d\u00e9fendant une question d'int\u00e9r\u00eat g\u00e9n\u00e9ral doit \u00eatre pr\u00e9sent\u00e9e \u00e0 l'AG, d\u00e8s lors qu'elle est soutenue par au moins un tiers des \u00c9glises locales.\t\t\t\t\t<\/p>\n\t\t\t\t\n\t\t\t<\/div>\n\t\t\t\n\t\t<\/div>\n\t\t\t\t\t\t<\/div>\n\t\t\t\t<\/div>\n\t\t\t\t<\/div>\n\t\t<div class=\"elementor-element elementor-element-899d99b e-con-full e-flex e-con e-child\" data-id=\"899d99b\" data-element_type=\"container\">\n\t\t\t\t<div class=\"elementor-element elementor-element-896cf0e elementor-view-default elementor-position-top elementor-mobile-position-top elementor-widget elementor-widget-icon-box\" data-id=\"896cf0e\" data-element_type=\"widget\" data-widget_type=\"icon-box.default\">\n\t\t\t\t<div class=\"elementor-widget-container\">\n\t\t\t\t\t\t\t<div class=\"elementor-icon-box-wrapper\">\n\n\t\t\t\t\t\t<div class=\"elementor-icon-box-icon\">\n\t\t\t\t<span  class=\"elementor-icon\">\n\t\t\t\t<svg aria-hidden=\"true\" class=\"e-font-icon-svg e-far-envelope\" viewBox=\"0 0 512 512\" xmlns=\"http:\/\/www.w3.org\/2000\/svg\"><path d=\"M464 64H48C21.49 64 0 85.49 0 112v288c0 26.51 21.49 48 48 48h416c26.51 0 48-21.49 48-48V112c0-26.51-21.49-48-48-48zm0 48v40.805c-22.422 18.259-58.168 46.651-134.587 106.49-16.841 13.247-50.201 45.072-73.413 44.701-23.208.375-56.579-31.459-73.413-44.701C106.18 199.465 70.425 171.067 48 152.805V112h416zM48 400V214.398c22.914 18.251 55.409 43.862 104.938 82.646 21.857 17.205 60.134 55.186 103.062 54.955 42.717.231 80.509-37.199 103.053-54.947 49.528-38.783 82.032-64.401 104.947-82.653V400H48z\"><\/path><\/svg>\t\t\t\t<\/span>\n\t\t\t<\/div>\n\t\t\t\n\t\t\t\t\t\t<div class=\"elementor-icon-box-content\">\n\n\t\t\t\t\t\t\t\t\t<h3 class=\"elementor-icon-box-title\">\n\t\t\t\t\t\t<span  >\n\t\t\t\t\t\t\tConditions de pr\u00e9sentation\u200b\t\t\t\t\t\t<\/span>\n\t\t\t\t\t<\/h3>\n\t\t\t\t\n\t\t\t\t\t\t\t\t\t<p class=\"elementor-icon-box-description\">\n\t\t\t\t\t\tToute \u00c9glise locale qui consid\u00e8re qu'une demande l\u00e9gitime de sa part, et la concernant en propre, n'a pas \u00e9t\u00e9 satisfaite par le CC, peut soumettre sa requ\u00eate \u00e0 l'AG.\t\t\t\t\t<\/p>\n\t\t\t\t\n\t\t\t<\/div>\n\t\t\t\n\t\t<\/div>\n\t\t\t\t\t\t<\/div>\n\t\t\t\t<\/div>\n\t\t\t\t<\/div>\n\t\t\t\t\t<\/div>\n\t\t\t\t<\/div>\n\t\t<div class=\"elementor-element elementor-element-7ce04e0 e-flex e-con-boxed e-con e-parent\" data-id=\"7ce04e0\" data-element_type=\"container\" data-settings=\"{&quot;background_background&quot;:&quot;classic&quot;,&quot;shape_divider_top&quot;:&quot;tilt&quot;}\">\n\t\t\t\t\t<div class=\"e-con-inner\">\n\t\t\t\t<div class=\"elementor-shape elementor-shape-top\" aria-hidden=\"true\" data-negative=\"false\">\n\t\t\t<svg xmlns=\"http:\/\/www.w3.org\/2000\/svg\" viewBox=\"0 0 1000 100\" preserveAspectRatio=\"none\">\n\t<path class=\"elementor-shape-fill\" d=\"M0,6V0h1000v100L0,6z\"\/>\n<\/svg>\t\t<\/div>\n\t\t\t\t<div class=\"elementor-element elementor-element-253d0eb elementor-widget elementor-widget-heading\" data-id=\"253d0eb\" data-element_type=\"widget\" data-widget_type=\"heading.default\">\n\t\t\t\t<div class=\"elementor-widget-container\">\n\t\t\t\t\t<h2 class=\"elementor-heading-title elementor-size-default\">Fonctionnement financier<\/h2>\t\t\t\t<\/div>\n\t\t\t\t<\/div>\n\t\t\t\t<div class=\"elementor-element elementor-element-dc5906d elementor-widget__width-initial elementor-widget elementor-widget-text-editor\" data-id=\"dc5906d\" data-element_type=\"widget\" data-widget_type=\"text-editor.default\">\n\t\t\t\t<div class=\"elementor-widget-container\">\n\t\t\t\t\t\t\t\t\t<p>L&rsquo;EPEM ainsi que les \u00c9glises locales sont financi\u00e8rement responsables de leur fonctionnement et de la r\u00e9mun\u00e9ration des pasteurs par le biais de<strong> Caisse Centrale<\/strong>. Elle est l&rsquo;organe financier de l\u2019EPEM. Sa gestion est confi\u00e9e au Conseil de Coordination. Les ressources de la Caisse Centrale sont :<\/p>\n<p><!-- \/wp:paragraph --><!-- wp:paragraph --><\/p>\t\t\t\t\t\t\t\t<\/div>\n\t\t\t\t<\/div>\n\t\t<div class=\"elementor-element elementor-element-c441abf e-con-full e-grid e-con e-child\" data-id=\"c441abf\" data-element_type=\"container\">\n\t\t\t\t<div class=\"elementor-element elementor-element-6ceb56a elementor-position-top elementor-widget elementor-widget-image-box\" data-id=\"6ceb56a\" data-element_type=\"widget\" data-widget_type=\"image-box.default\">\n\t\t\t\t<div class=\"elementor-widget-container\">\n\t\t\t\t\t<div class=\"elementor-image-box-wrapper\"><figure class=\"elementor-image-box-img\"><img decoding=\"async\" src=\"https:\/\/epem.org\/wp-content\/plugins\/elementor\/assets\/images\/placeholder.png\" title=\"\" alt=\"\" loading=\"lazy\" \/><\/figure><div class=\"elementor-image-box-content\"><h3 class=\"elementor-image-box-title\">Les contributions des \u00c9glises locales<\/h3><p class=\"elementor-image-box-description\"><div class=\"elementor-image-box-description\" style=\"text-align: left;\">Pour permettre \u00e0 la Caisse Centrale de faire face \u00e0 ses obligations, les \u00c9glises locales ont le devoir d'effectuer des versements pour couvrir les salaires des pasteurs, les charges sociales et fiscales, les frais g\u00e9n\u00e9raux de l'EPEM, les frais g\u00e9n\u00e9r\u00e9s par les projets, conform\u00e9ment au budget approuv\u00e9 par l'Assembl\u00e9e G\u00e9n\u00e9rale.<br><br>\n\n\nLe montant des versements \u00e0 la Caisse Centrale est propos\u00e9 au d\u00e9but de chaque ann\u00e9e par le CC, apr\u00e8s concertation avec les repr\u00e9sentants des \u00c9glises locales tenant compte des possibilit\u00e9s financi\u00e8res de chaque \u00c9glise locale. Ce fonctionnement de la Caisse Centrale repose sur le syst\u00e8me connexionnel m\u00e9thodiste.\n<\/div><\/p><\/div><\/div>\t\t\t\t<\/div>\n\t\t\t\t<\/div>\n\t\t\t\t<div class=\"elementor-element elementor-element-6873962 elementor-position-top elementor-widget elementor-widget-image-box\" data-id=\"6873962\" data-element_type=\"widget\" data-widget_type=\"image-box.default\">\n\t\t\t\t<div class=\"elementor-widget-container\">\n\t\t\t\t\t<div class=\"elementor-image-box-wrapper\"><figure class=\"elementor-image-box-img\"><img decoding=\"async\" src=\"https:\/\/epem.org\/wp-content\/plugins\/elementor\/assets\/images\/placeholder.png\" title=\"\" alt=\"\" loading=\"lazy\" \/><\/figure><div class=\"elementor-image-box-content\"><h3 class=\"elementor-image-box-title\">La Caisse Centrale organise et transmet les offrandes communes de l\u2019EPEM<\/h3><p class=\"elementor-image-box-description\"><div class=\"elementor-image-box-description\" style=\"text-align: left;\">\n    <li>L\u2019offrande de construction<\/li>\n    <li>Les offrandes communes pour la mission<\/li>\n    <li>L'offrande recueillie \u00e0 l'Assembl\u00e9e G\u00e9n\u00e9rale de l\u2019EPEM, ou lors d\u2019autres rencontres de l\u2019EPEM<\/li>\n    <li>Les offrandes en r\u00e9ponse \u00e0 des urgences<\/li>\n  <br>\n<\/div>\n<div class=\"elementor-image-box-description\" style=\"text-align: left;\">Seul le Conseil de Coordination de l\u2019EPEM peut organiser des collectes s'adressant \u00e0 l'ensemble de l\u2019EPEM, en vue d'une action commune ou d'un projet particulier.<\/div><\/p><\/div><\/div>\t\t\t\t<\/div>\n\t\t\t\t<\/div>\n\t\t\t\t<\/div>\n\t\t\t\t\t<\/div>\n\t\t\t\t<\/div>\n\t\t<div class=\"elementor-element elementor-element-5fa798e5 e-flex e-con-boxed e-con e-parent\" data-id=\"5fa798e5\" data-element_type=\"container\">\n\t\t\t\t\t<div class=\"e-con-inner\">\n\t\t\t\t<div class=\"elementor-element elementor-element-60d2b350 elementor-widget elementor-widget-text-editor\" data-id=\"60d2b350\" data-element_type=\"widget\" data-widget_type=\"text-editor.default\">\n\t\t\t\t<div class=\"elementor-widget-container\">\n\t\t\t\t\t\t\t\t\t<!-- wp:heading --><!-- \/wp:image --><!-- wp:heading {\"level\":3} --><!-- \/wp:paragraph --><!-- wp:heading -->\n<h2 class=\"wp-block-heading\">Fonctionnement financier<\/h2>\n<!-- \/wp:heading --><!-- wp:paragraph -->\n<p>L&rsquo;EPEM ainsi que les \u00c9glises locales sont financi\u00e8rement responsables de leur fonctionnement et de la r\u00e9mun\u00e9ration des pasteurs par le biais de<strong> Caisse Centrale<\/strong>. Elle est l&rsquo;organe financier de l\u2019EPEM. Sa gestion est confi\u00e9e au Conseil de Coordination.<\/p>\n<!-- \/wp:paragraph --><!-- wp:paragraph -->\n<p><strong>Les ressources de la Caisse Centrale<\/strong><\/p>\n<!-- \/wp:paragraph --><!-- wp:heading {\"level\":3} -->\n<h3 class=\"wp-block-heading\"><strong>&#8211; Les contributions des \u00c9glises locales<\/strong><\/h3>\n<!-- \/wp:heading --><!-- wp:paragraph -->\n<p>Pour permettre \u00e0 la Caisse Centrale de faire face \u00e0 ses obligations, les \u00c9glises locales ont le devoir d&rsquo;effectuer des versements pour couvrir les salaires des pasteurs, les charges sociales et fiscales, les frais g\u00e9n\u00e9raux de l&rsquo;EPEM, les frais g\u00e9n\u00e9r\u00e9s par les projets, conform\u00e9ment au budget approuv\u00e9 par l&rsquo;Assembl\u00e9e G\u00e9n\u00e9rale.<\/p>\n<!-- \/wp:paragraph --><!-- wp:paragraph -->\n<p>Le montant des versements \u00e0 la Caisse Centrale est propos\u00e9 au d\u00e9but de chaque ann\u00e9e par le CC, apr\u00e8s concertation avec les repr\u00e9sentants des \u00c9glises locales tenant compte des possibilit\u00e9s financi\u00e8res de chaque \u00c9glise locale. Ce fonctionnement de la Caisse Centrale repose sur le syst\u00e8me connexionnel m\u00e9thodiste.<\/p>\n<!-- \/wp:paragraph --><!-- wp:heading {\"level\":3} -->\n<h3 class=\"wp-block-heading\">&#8211; <strong>La Caisse Centrale organise et transmet les offrandes communes de l\u2019EPEM<\/strong><\/h3>\n<!-- \/wp:heading --><!-- wp:list -->\n<ul class=\"wp-block-list\"><!-- wp:list-item -->\n<li>L\u2019offrande de construction,<\/li>\n<!-- \/wp:list-item --><!-- wp:list-item -->\n<li>Les offrandes communes pour la mission,<\/li>\n<!-- \/wp:list-item --><!-- wp:list-item -->\n<li>L&rsquo;offrande recueillie \u00e0 l&rsquo;Assembl\u00e9e G\u00e9n\u00e9rale de l\u2019EPEM, ou lors d\u2019autres rencontres de l\u2019EPEM,<\/li>\n<!-- \/wp:list-item --><!-- wp:list-item -->\n<li>Les offrandes en r\u00e9ponse \u00e0 des urgences.<\/li>\n<!-- \/wp:list-item --><!-- wp:list-item -->\n<li>\u2026.<\/li>\n<!-- \/wp:list-item --><\/ul>\n<!-- \/wp:list --><!-- wp:paragraph -->\n<p>Seul le Conseil de Coordination de l\u2019EPEM peut organiser des collectes s&rsquo;adressant \u00e0 l&rsquo;ensemble de l\u2019EPEM, en vue d&rsquo;une action commune ou d&rsquo;un projet particulier.<\/p>\n<!-- \/wp:paragraph -->\t\t\t\t\t\t\t\t<\/div>\n\t\t\t\t<\/div>\n\t\t\t\t\t<\/div>\n\t\t\t\t<\/div>\n\t\t<div class=\"elementor-element elementor-element-22b97f5 e-flex e-con-boxed e-con e-parent\" data-id=\"22b97f5\" data-element_type=\"container\">\n\t\t\t\t\t<div class=\"e-con-inner\">\n\t\t\t\t<div class=\"elementor-element elementor-element-8e13b21 elementor-widget elementor-widget-heading\" data-id=\"8e13b21\" data-element_type=\"widget\" data-widget_type=\"heading.default\">\n\t\t\t\t<div class=\"elementor-widget-container\">\n\t\t\t\t\t<h3 class=\"elementor-heading-title elementor-size-default\">Requ\u00eates<\/h3>\t\t\t\t<\/div>\n\t\t\t\t<\/div>\n\t\t\t\t<div class=\"elementor-element elementor-element-d1066d6 elementor-widget elementor-widget-text-editor\" data-id=\"d1066d6\" data-element_type=\"widget\" data-widget_type=\"text-editor.default\">\n\t\t\t\t<div class=\"elementor-widget-container\">\n\t\t\t\t\t\t\t\t\t<p>Toute \u00c9glise locale qui consid\u00e8re qu&rsquo;une demande l\u00e9gitime de sa part, et la concernant en propre, n&rsquo;a pas \u00e9t\u00e9 satisfaite par le CC, peut soumettre sa requ\u00eate \u00e0 l&rsquo;AG.<\/p>\n<p><!-- \/wp:paragraph --><!-- wp:paragraph --><\/p>\t\t\t\t\t\t\t\t<\/div>\n\t\t\t\t<\/div>\n\t\t\t\t<div class=\"elementor-element elementor-element-8c4043b elementor-widget elementor-widget-heading\" data-id=\"8c4043b\" data-element_type=\"widget\" data-widget_type=\"heading.default\">\n\t\t\t\t<div class=\"elementor-widget-container\">\n\t\t\t\t\t<h3 class=\"elementor-heading-title elementor-size-default\">Motions<\/h3>\t\t\t\t<\/div>\n\t\t\t\t<\/div>\n\t\t\t\t<div class=\"elementor-element elementor-element-1839369 elementor-widget elementor-widget-text-editor\" data-id=\"1839369\" data-element_type=\"widget\" data-widget_type=\"text-editor.default\">\n\t\t\t\t<div class=\"elementor-widget-container\">\n\t\t\t\t\t\t\t\t\t<p>De m\u00eame, toute motion d\u00e9fendant une question d&rsquo;int\u00e9r\u00eat g\u00e9n\u00e9ral doit \u00eatre pr\u00e9sent\u00e9e \u00e0 l&rsquo;AG, d\u00e8s lors qu&rsquo;elle est soutenue par au moins un tiers des \u00c9glises locales.<\/p>\n<p><!-- \/wp:paragraph --><!-- wp:paragraph --><\/p>\t\t\t\t\t\t\t\t<\/div>\n\t\t\t\t<\/div>\n\t\t\t\t<div class=\"elementor-element elementor-element-d24efbb elementor-widget elementor-widget-heading\" data-id=\"d24efbb\" data-element_type=\"widget\" data-widget_type=\"heading.default\">\n\t\t\t\t<div class=\"elementor-widget-container\">\n\t\t\t\t\t<h3 class=\"elementor-heading-title elementor-size-default\">Conditions de pr\u00e9sentation<\/h3>\t\t\t\t<\/div>\n\t\t\t\t<\/div>\n\t\t\t\t<div class=\"elementor-element elementor-element-a87d818 elementor-widget elementor-widget-text-editor\" data-id=\"a87d818\" data-element_type=\"widget\" data-widget_type=\"text-editor.default\">\n\t\t\t\t<div class=\"elementor-widget-container\">\n\t\t\t\t\t\t\t\t\t<p>Dans tous les cas, les requ\u00eates et motions, pr\u00e9alablement adopt\u00e9es et sign\u00e9es par les Conseils locaux qui les introduisent, doivent parvenir au CC au moins deux mois avant la date de l&rsquo;AG qui aura \u00e0 statuer \u00e0 leur sujet. Elles devront \u00eatre jointes \u00e0 l&rsquo;ordre du jour de l&rsquo;AG.<\/p>\n<p><!-- \/wp:paragraph --><!-- wp:heading --><\/p>\n<p><!-- \/wp:paragraph --><!-- wp:paragraph --><\/p>\t\t\t\t\t\t\t\t<\/div>\n\t\t\t\t<\/div>\n\t\t\t\t\t<\/div>\n\t\t\t\t<\/div>\n\t\t<div class=\"elementor-element elementor-element-3318b18 e-flex e-con-boxed e-con e-parent\" data-id=\"3318b18\" data-element_type=\"container\">\n\t\t\t\t\t<div class=\"e-con-inner\">\n\t\t\t\t<div class=\"elementor-element elementor-element-4aae5aa elementor-widget elementor-widget-text-editor\" data-id=\"4aae5aa\" data-element_type=\"widget\" data-widget_type=\"text-editor.default\">\n\t\t\t\t<div class=\"elementor-widget-container\">\n\t\t\t\t\t\t\t\t\t<!-- wp:heading -->\n<h2 class=\"wp-block-heading\">Sch\u00e9ma d\u00e9cisionnel et organisationnel<\/h2>\n<!-- \/wp:heading --><!-- wp:paragraph -->\n<p>Le fonctionnement de l&rsquo;EPEM est typiquement m\u00e9thodiste. Chaque \u00e9glise locale est repr\u00e9sent\u00e9e \u00e0 la conf\u00e9rence (assembl\u00e9e g\u00e9n\u00e9rale) annuelle par des d\u00e9l\u00e9gu\u00e9s (sur la base d&rsquo;un d\u00e9l\u00e9gu\u00e9 pour 20 membres actifs). Tous les membres de l&rsquo;alliance pastorale (pasteurs et pasteurs retrait\u00e9s) ont une voix \u00e0 l&rsquo;AG, ainsi que tous les membres \u00e9lus du conseil de coordination.<\/p>\n<!-- \/wp:paragraph --><!-- wp:paragraph -->\n<p>L&rsquo;AG se r\u00e9unit annuellement.<\/p>\n<!-- \/wp:paragraph --><!-- wp:paragraph -->\n<p>Au cours de l&rsquo;ann\u00e9e, les deux instances du conseil de coordination (CC) et de l&rsquo;alliance pastorale (AP) se r\u00e9unissent r\u00e9guli\u00e8rement et dialoguent sur la vie de l&rsquo;\u00e9glise et des \u00e9glises locales.<\/p>\n<!-- \/wp:paragraph --><!-- wp:image {\"id\":27,\"sizeSlug\":\"full\",\"linkDestination\":\"none\"} -->\n<figure class=\"wp-block-image size-full\"><img decoding=\"async\" width=\"1000\" height=\"706\" class=\"wp-image-27\" src=\"https:\/\/epem.org\/wp-content\/uploads\/2025\/04\/schema-organisationnel-pem.jpg\" alt=\"\" srcset=\"https:\/\/epem.org\/wp-content\/uploads\/2025\/04\/schema-organisationnel-pem.jpg 1000w, https:\/\/epem.org\/wp-content\/uploads\/2025\/04\/schema-organisationnel-pem-300x212.jpg 300w, https:\/\/epem.org\/wp-content\/uploads\/2025\/04\/schema-organisationnel-pem-768x542.jpg 768w\" sizes=\"(max-width: 1000px) 100vw, 1000px\" \/><\/figure>\n<!-- \/wp:image --><!-- wp:heading {\"level\":3} -->\n<h3 class=\"wp-block-heading\">Requ\u00eates et motions pr\u00e9sent\u00e9es \u00e0 l&rsquo;AG annuelle<\/h3>\n<!-- \/wp:heading --><!-- wp:paragraph -->\n<p><strong>Requ\u00eates<\/strong>\u00a0<\/p>\n<!-- \/wp:paragraph --><!-- wp:paragraph -->\n<p>Toute \u00c9glise locale qui consid\u00e8re qu&rsquo;une demande l\u00e9gitime de sa part, et la concernant en propre, n&rsquo;a pas \u00e9t\u00e9 satisfaite par le CC, peut soumettre sa requ\u00eate \u00e0 l&rsquo;AG.<\/p>\n<!-- \/wp:paragraph --><!-- wp:paragraph -->\n<p><strong>Motions<\/strong><\/p>\n<!-- \/wp:paragraph --><!-- wp:paragraph -->\n<p>De m\u00eame, toute motion d\u00e9fendant une question d&rsquo;int\u00e9r\u00eat g\u00e9n\u00e9ral doit \u00eatre pr\u00e9sent\u00e9e \u00e0 l&rsquo;AG, d\u00e8s lors qu&rsquo;elle est soutenue par au moins un tiers des \u00c9glises locales.<\/p>\n<!-- \/wp:paragraph --><!-- wp:paragraph -->\n<p><strong>Conditions de pr\u00e9sentation<\/strong><\/p>\n<!-- \/wp:paragraph --><!-- wp:paragraph -->\n<p>Dans tous les cas, les requ\u00eates et motions, pr\u00e9alablement adopt\u00e9es et sign\u00e9es par les Conseils locaux qui les introduisent, doivent parvenir au CC au moins deux mois avant la date de l&rsquo;AG qui aura \u00e0 statuer \u00e0 leur sujet. Elles devront \u00eatre jointes \u00e0 l&rsquo;ordre du jour de l&rsquo;AG.<\/p>\n<!-- \/wp:paragraph --><!-- wp:heading -->\n<h2 class=\"wp-block-heading\">Fonctionnement financier<\/h2>\n<!-- \/wp:heading --><!-- wp:paragraph -->\n<p>L&rsquo;EPEM ainsi que les \u00c9glises locales sont financi\u00e8rement responsables de leur fonctionnement et de la r\u00e9mun\u00e9ration des pasteurs par le biais de<strong> Caisse Centrale<\/strong>. Elle est l&rsquo;organe financier de l\u2019EPEM. Sa gestion est confi\u00e9e au Conseil de Coordination.<\/p>\n<!-- \/wp:paragraph --><!-- wp:paragraph -->\n<p><strong>Les ressources de la Caisse Centrale<\/strong><\/p>\n<!-- \/wp:paragraph --><!-- wp:heading {\"level\":3} -->\n<h3 class=\"wp-block-heading\"><strong>&#8211; Les contributions des \u00c9glises locales<\/strong><\/h3>\n<!-- \/wp:heading --><!-- wp:paragraph -->\n<p>Pour permettre \u00e0 la Caisse Centrale de faire face \u00e0 ses obligations, les \u00c9glises locales ont le devoir d&rsquo;effectuer des versements pour couvrir les salaires des pasteurs, les charges sociales et fiscales, les frais g\u00e9n\u00e9raux de l&rsquo;EPEM, les frais g\u00e9n\u00e9r\u00e9s par les projets, conform\u00e9ment au budget approuv\u00e9 par l&rsquo;Assembl\u00e9e G\u00e9n\u00e9rale.<\/p>\n<!-- \/wp:paragraph --><!-- wp:paragraph -->\n<p>Le montant des versements \u00e0 la Caisse Centrale est propos\u00e9 au d\u00e9but de chaque ann\u00e9e par le CC, apr\u00e8s concertation avec les repr\u00e9sentants des \u00c9glises locales tenant compte des possibilit\u00e9s financi\u00e8res de chaque \u00c9glise locale. Ce fonctionnement de la Caisse Centrale repose sur le syst\u00e8me connexionnel m\u00e9thodiste.<\/p>\n<!-- \/wp:paragraph --><!-- wp:heading {\"level\":3} -->\n<h3 class=\"wp-block-heading\">&#8211; <strong>La Caisse Centrale organise et transmet les offrandes communes de l\u2019EPEM<\/strong><\/h3>\n<!-- \/wp:heading --><!-- wp:list -->\n<ul class=\"wp-block-list\"><!-- wp:list-item -->\n<li>L\u2019offrande de construction,<\/li>\n<!-- \/wp:list-item --><!-- wp:list-item -->\n<li>Les offrandes communes pour la mission,<\/li>\n<!-- \/wp:list-item --><!-- wp:list-item -->\n<li>L&rsquo;offrande recueillie \u00e0 l&rsquo;Assembl\u00e9e G\u00e9n\u00e9rale de l\u2019EPEM, ou lors d\u2019autres rencontres de l\u2019EPEM,<\/li>\n<!-- \/wp:list-item --><!-- wp:list-item -->\n<li>Les offrandes en r\u00e9ponse \u00e0 des urgences.<\/li>\n<!-- \/wp:list-item --><!-- wp:list-item -->\n<li>\u2026.<\/li>\n<!-- \/wp:list-item --><\/ul>\n<!-- \/wp:list --><!-- wp:paragraph -->\n<p>Seul le Conseil de Coordination de l\u2019EPEM peut organiser des collectes s&rsquo;adressant \u00e0 l&rsquo;ensemble de l\u2019EPEM, en vue d&rsquo;une action commune ou d&rsquo;un projet particulier.<\/p>\n<!-- \/wp:paragraph -->\t\t\t\t\t\t\t\t<\/div>\n\t\t\t\t<\/div>\n\t\t\t\t\t<\/div>\n\t\t\t\t<\/div>\n\t\t\t\t<\/div>\n\t\t","protected":false},"excerpt":{"rendered":"<p>NOTRE fonctionnement Sous-titre \u00e9ventuel plus ou moins long Sous-titre \u00e9ventuel plus ou moins long Sous-titre \u00e9ventuel plus ou moins long. Sch\u00e9ma d\u00e9cisionnel et organisationnel Le fonctionnement de l&rsquo;EPEM est typiquement m\u00e9thodiste. Chaque \u00e9glise locale est repr\u00e9sent\u00e9e \u00e0 la conf\u00e9rence (assembl\u00e9e g\u00e9n\u00e9rale) annuelle par des d\u00e9l\u00e9gu\u00e9s (sur la base d&rsquo;un d\u00e9l\u00e9gu\u00e9 pour 20 membres actifs). Tous [&hellip;]<\/p>\n","protected":false},"author":1,"featured_media":0,"parent":0,"menu_order":0,"comment_status":"closed","ping_status":"closed","template":"","meta":{"ocean_post_layout":"","ocean_both_sidebars_style":"","ocean_both_sidebars_content_width":0,"ocean_both_sidebars_sidebars_width":0,"ocean_sidebar":"","ocean_second_sidebar":"","ocean_disable_margins":"enable","ocean_add_body_class":"","ocean_shortcode_before_top_bar":"","ocean_shortcode_after_top_bar":"","ocean_shortcode_before_header":"","ocean_shortcode_after_header":"","ocean_has_shortcode":"","ocean_shortcode_after_title":"","ocean_shortcode_before_footer_widgets":"","ocean_shortcode_after_footer_widgets":"","ocean_shortcode_before_footer_bottom":"","ocean_shortcode_after_footer_bottom":"","ocean_display_top_bar":"default","ocean_display_header":"default","ocean_header_style":"","ocean_center_header_left_menu":"","ocean_custom_header_template":"","ocean_custom_logo":0,"ocean_custom_retina_logo":0,"ocean_custom_logo_max_width":0,"ocean_custom_logo_tablet_max_width":0,"ocean_custom_logo_mobile_max_width":0,"ocean_custom_logo_max_height":0,"ocean_custom_logo_tablet_max_height":0,"ocean_custom_logo_mobile_max_height":0,"ocean_header_custom_menu":"","ocean_menu_typo_font_family":"","ocean_menu_typo_font_subset":"","ocean_menu_typo_font_size":0,"ocean_menu_typo_font_size_tablet":0,"ocean_menu_typo_font_size_mobile":0,"ocean_menu_typo_font_size_unit":"px","ocean_menu_typo_font_weight":"","ocean_menu_typo_font_weight_tablet":"","ocean_menu_typo_font_weight_mobile":"","ocean_menu_typo_transform":"","ocean_menu_typo_transform_tablet":"","ocean_menu_typo_transform_mobile":"","ocean_menu_typo_line_height":0,"ocean_menu_typo_line_height_tablet":0,"ocean_menu_typo_line_height_mobile":0,"ocean_menu_typo_line_height_unit":"","ocean_menu_typo_spacing":0,"ocean_menu_typo_spacing_tablet":0,"ocean_menu_typo_spacing_mobile":0,"ocean_menu_typo_spacing_unit":"","ocean_menu_link_color":"","ocean_menu_link_color_hover":"","ocean_menu_link_color_active":"","ocean_menu_link_background":"","ocean_menu_link_hover_background":"","ocean_menu_link_active_background":"","ocean_menu_social_links_bg":"","ocean_menu_social_hover_links_bg":"","ocean_menu_social_links_color":"","ocean_menu_social_hover_links_color":"","ocean_disable_title":"default","ocean_disable_heading":"default","ocean_post_title":"","ocean_post_subheading":"","ocean_post_title_style":"","ocean_post_title_background_color":"","ocean_post_title_background":0,"ocean_post_title_bg_image_position":"","ocean_post_title_bg_image_attachment":"","ocean_post_title_bg_image_repeat":"","ocean_post_title_bg_image_size":"","ocean_post_title_height":0,"ocean_post_title_bg_overlay":0.5,"ocean_post_title_bg_overlay_color":"","ocean_disable_breadcrumbs":"default","ocean_breadcrumbs_color":"","ocean_breadcrumbs_separator_color":"","ocean_breadcrumbs_links_color":"","ocean_breadcrumbs_links_hover_color":"","ocean_display_footer_widgets":"default","ocean_display_footer_bottom":"default","ocean_custom_footer_template":"","osh_disable_topbar_sticky":"default","osh_disable_header_sticky":"default","osh_sticky_header_style":"default","osh_sticky_header_effect":"","osh_custom_sticky_logo":0,"osh_custom_retina_sticky_logo":0,"osh_custom_sticky_logo_height":0,"osh_background_color":"","osh_links_color":"","osh_links_hover_color":"","osh_links_active_color":"","osh_links_bg_color":"","osh_links_hover_bg_color":"","osh_links_active_bg_color":"","osh_menu_social_links_color":"","osh_menu_social_hover_links_color":"","footnotes":""},"class_list":["post-22","page","type-page","status-publish","hentry","entry"],"_links":{"self":[{"href":"https:\/\/epem.org\/index.php\/wp-json\/wp\/v2\/pages\/22","targetHints":{"allow":["GET"]}}],"collection":[{"href":"https:\/\/epem.org\/index.php\/wp-json\/wp\/v2\/pages"}],"about":[{"href":"https:\/\/epem.org\/index.php\/wp-json\/wp\/v2\/types\/page"}],"author":[{"embeddable":true,"href":"https:\/\/epem.org\/index.php\/wp-json\/wp\/v2\/users\/1"}],"replies":[{"embeddable":true,"href":"https:\/\/epem.org\/index.php\/wp-json\/wp\/v2\/comments?post=22"}],"version-history":[{"count":124,"href":"https:\/\/epem.org\/index.php\/wp-json\/wp\/v2\/pages\/22\/revisions"}],"predecessor-version":[{"id":449,"href":"https:\/\/epem.org\/index.php\/wp-json\/wp\/v2\/pages\/22\/revisions\/449"}],"wp:attachment":[{"href":"https:\/\/epem.org\/index.php\/wp-json\/wp\/v2\/media?parent=22"}],"curies":[{"name":"wp","href":"https:\/\/api.w.org\/{rel}","templated":true}]}}